{"id":2820,"date":"2024-12-27T21:56:17","date_gmt":"2024-12-27T20:56:17","guid":{"rendered":"https:\/\/schronisko-slupsk.pl\/?post_type=dog&#038;p=2820"},"modified":"2025-05-12T08:41:23","modified_gmt":"2025-05-12T06:41:23","slug":"rebus","status":"publish","type":"dog","link":"https:\/\/schronisko-slupsk.pl\/index.php\/dog\/rebus\/","title":{"rendered":"Rebus"},"content":{"rendered":"\n<figure class=\"wp-block-image aligncenter size-large\"><img loading=\"lazy\" decoding=\"async\" width=\"683\" height=\"1024\" src=\"https:\/\/schronisko-slupsk.pl\/wp-content\/uploads\/2024\/08\/Rebus-683x1024.jpg\" alt=\"\" class=\"wp-image-2311\"\/><\/figure>\n\n\n\n<p>Rebus to du\u017cy dostojny pies, kt\u00f3ry z racji swojego wieku (ur. 2013) nie potrzebuje ju\u017c wielu wra\u017ce\u0144, by zaspokoi\u0107 swoje potrzeby.<\/p>\n\n\n\n<p>Na spacerach bardzo ch\u0119tnie nawi\u0105zuje kontakt z cz\u0142owiekiem i lubi pieszczoty. Pi\u0119knie idzie na smyczy, lubi wchodzi\u0107 do wody, ale tak\u017ce po\u0142o\u017cy\u0107 si\u0119 w trawce i odpocz\u0105\u0107 ze swoim opiekunem.<\/p>\n\n\n\n<p>\u015awietnie si\u0119 dogaduje ze swoim towarzyszem z boksu.<\/p>\n\n\n\n<p><\/p>\n\n\n\n<p>A oto, jak przedstawi\u0142 Rebusa wolontariusz Micha\u0142, kt\u00f3ry zna go z czas\u00f3w, kiedy jeszcze nie mieszka\u0142 w schronisku:<\/p>\n\n\n\n<p>Pana<em> Rebusa znam z widzenia od 10 lat, to jest od czasu kiedy wichry dziejowe i \u017cyciowe przywia\u0142y mnie do S\u0142upska. Ostatnio jednak mieli\u015bmy okazj\u0119 pozna\u0107 si\u0119 bli\u017cej, ale od pocz\u0105tku\u2026 Widywa\u0142em cz\u0119sto Pana Rebusa kiedy razem ze swoim cz\u0142owiekiem spacerowali po Nowobramskiej i s\u0105siednich uliczkach. Ju\u017c wtedy zwr\u00f3ci\u0142em uwag\u0119 na m\u0105dro\u015b\u0107 jak\u0105 emanowa\u0142 \u2013 sam si\u0119 zastanawiam czy bli\u017cej mu do Sokratesa czy Zenona Kitio\u0144czyka, a mo\u017ce do m\u0105dro\u015bci tybeta\u0144skiego mnicha lub szamana pewnego rdzennego plemienia. Zawsze szed\u0142 obok swojego cz\u0142owieka spokojnie i niewzruszenie, bez wzgl\u0119du na to co dzie\u0142o si\u0119 wok\u00f3\u0142 \u2013 nie wyprowadzi\u0142 go z r\u00f3wnowagi za\u017carty ratlerek, k\u0105saj\u0105cy jego wielkie, czarne \u0142apy \u2013 stuprocentowy spok\u00f3j. Tych dw\u00f3ch starszych pan\u00f3w \u0142\u0105czy\u0142a jaka\u015b niezwyk\u0142a wi\u0119\u017a \u2013 nie musieli ze sob\u0105 rozmawia\u0107, albo rozmawiali w jaki\u015b znany tylko sobie spos\u00f3b. Rozumieli si\u0119 be\u017c s\u0142\u00f3w. Wida\u0107 by\u0142o, \u017ce mieli niewiele (nawet nie by\u0142em pewien czy maj\u0105 dom), ale mieli siebie nawzajem. Byli nieroz\u0142\u0105czni\u2026 do czasu \u2013 pan cz\u0142owiek umar\u0142, a pan pies trafi\u0142 do Schroniska <a href=\"https:\/\/www.facebook.com\/profile.php?id=100064568056845&amp;__cft__[0]=AZVLs4IROjP7wPFMHTaEBnHxITarF6hrwEfkPAApwyHuwBYSmIF7hSxzgs0LVa2FG8nfGz9gfYOTcb8jktxhQed90n11xeND-GFqMGs_rZP9AQnVgKeMlGOC8w9DEF4AvMqHe2K5Qdoz6tnNDuz4x207Ctaz0NoxWwinNCMKAIwndQ&amp;__tn__=-]K-R\">dla Zwierz\u0105t &#8211; TOZ w Polsce oddzia\u0142 S\u0142upsk<\/a>, gdzie mog\u0142em pozna\u0107 go bli\u017cej.<\/em><\/p>\n\n\n\n<p><em>Pr\u00f3bowa\u0142em wyobrazi\u0107 sobie strat\u0119 jak\u0105 musia\u0142 prze\u017cy\u0107. Pan pies, kt\u00f3ry ka\u017cd\u0105 chwil\u0119 swojego \u017cycia sp\u0119dza\u0142 z ludzkim przyjacielem; kt\u00f3rego \u017cycie by\u0142o praktycznie nieustaj\u0105cym spacerem trafi\u0142 nagle do klatki. Takiej straty nie zrekompensuje pe\u0142na micha i troskliwa opieka pracownik\u00f3w i wolontariuszy. Niejeden pies czy cz\u0142owiek po takiej stracie za\u0142ama\u0142by si\u0119 z kretesem; uciek\u0142 w g\u0142\u0105b klatki i samego siebie, lub sta\u0142by si\u0119 zgry\u017aliwy i opryskliwy. Ale nie m\u0119drzec, kt\u00f3ry ze stoickim spokojem potrafi przyj\u0105\u0107 to co daje los. Pan Rebus nie straci\u0142 swej \u0142agodno\u015bci i mi\u0142o\u015bci do ludzi.<\/em><\/p>\n\n\n\n<p><em>Pan Rebus nie zna \u017cadnych sztuczek, ale czy ktokolwiek zastanawia si\u0119 czy Kopernik potrafi\u0142 fika\u0107 kozio\u0142ki, a Seneka stawa\u0107 na r\u0119kach? W przypadku tego pana komendy s\u0105 zb\u0119dne. Na spacerze nie szarpie, bo po co mia\u0142by to robi\u0107? Przy wyczesywaniu podszerstka jest spokojny, bo przecie\u017c to dobre dla niego. Doskonale wie, \u017ce plecak s\u0142u\u017cy do przechowywania smaczk\u00f3w <img loading=\"lazy\" decoding=\"async\" height=\"16\" width=\"16\" src=\"https:\/\/static.xx.fbcdn.net\/images\/emoji.php\/v9\/t57\/1\/16\/1f609.png\" alt=\"\ud83d\ude09\"> M\u00f3g\u0142by si\u0119 nauczy\u0107 paru komend \u2013 podczas jednego spaceru nauczy\u0142 si\u0119 siada\u0107 na komend\u0119\u2026 nie, raczej na pro\u015bb\u0119. Potrafi za to co\u015b, czego nie da \u017cadna tresura &#8211; wtuli\u0107 si\u0119 w cz\u0142owieka ze szczer\u0105 mi\u0142o\u015bci\u0105, po\u0142o\u017cy\u0107 \u0142eb na kolanach i zajrze\u0107 ciemnymi \u015blepiami w g\u0142\u0105b duszy.<\/em><\/p>\n\n\n\n<p><em>Dodam jeszcze \u017ce Pan Rebus jest niezwykle przystojny. Wszak nic tak nie dodaje powabu dojrza\u0142emu m\u0119\u017cczy\u017anie jak szpakowata broda (wiem z autopsji ). Nawet to, \u017ce lekko utyka na przedni\u0105 \u0142ap\u0119 dodaje mu uroku i przywo\u0142uje na my\u015bl dw\u00f3ch s\u0142ynnych lekarzy \u2013 dr. Housa i dr. Whatsona. Od czasu pobytu w schronisku przybra\u0142 wyra\u017anie na wadze.<\/em><\/p>\n\n\n\n<p><em>Pan Rebus zas\u0142u\u017cy\u0142 sobie na psi\u0105 emerytur\u0119 u boku nowego kochaj\u0105cego cz\u0142owieka. Sami powa\u017cnie rozpatrywali\u015bmy przygarni\u0119cie go. Niestety, moje zdrowie nie pozwala mi d\u017awiga\u0107, a Rebus to spory pies, a psa trzeba czasem wstawi\u0107 do wanny lub na st\u00f3\u0142 u weterynarza. Dodam jeszcze, \u017ce jest ma\u0142o wymagaj\u0105cy \u2013 jako dojrza\u0142y pan nie potrzebuje d\u0142ugich, forsownych spacer\u00f3w, a do\u015bwiadczenia \u017cyciowe sprawi\u0142y, \u017ce mo\u017ce spa\u0107 w kojcu. To co mu najbardziej potrzebne to blisko\u015b\u0107 cz\u0142owieka. Je\u015bli zatem masz warunki i chcesz wprowadzi\u0107 do swojego \u017cycia kogo\u015b naprawd\u0119 niezwyk\u0142ego, to polecam Ci Rebusa!<\/em><\/p>\n\n\n\n<figure class=\"wp-block-gallery has-nested-images columns-default is-cropped wp-block-gallery-1 is-layout-flex wp-block-gallery-is-layout-flex\">\n<figure class=\"wp-block-image size-large\"><img loading=\"lazy\" decoding=\"async\" width=\"748\" height=\"1024\" data-id=\"3349\" src=\"https:\/\/schronisko-slupsk.pl\/wp-content\/uploads\/2025\/01\/rebus2-748x1024.jpg\" alt=\"\" class=\"wp-image-3349\"\/><\/figure>\n\n\n\n<figure class=\"wp-block-image size-large\"><img loading=\"lazy\" decoding=\"async\" width=\"744\" height=\"1024\" data-id=\"3348\" src=\"https:\/\/schronisko-slupsk.pl\/wp-content\/uploads\/2025\/01\/rebus1-744x1024.jpg\" alt=\"\" class=\"wp-image-3348\"\/><\/figure>\n<\/figure>\n\n\n\n<figure class=\"wp-block-gallery has-nested-images columns-default is-cropped wp-block-gallery-2 is-layout-flex wp-block-gallery-is-layout-flex\">\n<figure class=\"wp-block-image size-large\"><img loading=\"lazy\" decoding=\"async\" width=\"678\" height=\"1024\" data-id=\"3810\" src=\"https:\/\/schronisko-slupsk.pl\/wp-content\/uploads\/2025\/05\/rebus6.jpg\" alt=\"\" class=\"wp-image-3810\" srcset=\"https:\/\/schronisko-slupsk.pl\/wp-content\/uploads\/2025\/05\/rebus6.jpg 678w, https:\/\/schronisko-slupsk.pl\/wp-content\/uploads\/2025\/05\/rebus6-480x725.jpg 480w\" sizes=\"(min-width: 0px) and (max-width: 480px) 480px, (min-width: 481px) 678px, 100vw\" \/><\/figure>\n\n\n\n<figure class=\"wp-block-image size-large\"><img loading=\"lazy\" decoding=\"async\" width=\"684\" height=\"1024\" data-id=\"3808\" src=\"https:\/\/schronisko-slupsk.pl\/wp-content\/uploads\/2025\/05\/rbus7-684x1024.jpg\" alt=\"\" class=\"wp-image-3808\"\/><\/figure>\n\n\n\n<figure class=\"wp-block-image size-large\"><img loading=\"lazy\" decoding=\"async\" width=\"684\" height=\"1024\" data-id=\"3809\" src=\"https:\/\/schronisko-slupsk.pl\/wp-content\/uploads\/2025\/05\/rebus5-684x1024.jpg\" alt=\"\" class=\"wp-image-3809\"\/><\/figure>\n<\/figure>\n","protected":false},"template":"","tags":[],"class_list":["post-2820","dog","type-dog","status-publish","hentry"],"_links":{"self":[{"href":"https:\/\/schronisko-slupsk.pl\/index.php\/wp-json\/wp\/v2\/dog\/2820","targetHints":{"allow":["GET"]}}],"collection":[{"href":"https:\/\/schronisko-slupsk.pl\/index.php\/wp-json\/wp\/v2\/dog"}],"about":[{"href":"https:\/\/schronisko-slupsk.pl\/index.php\/wp-json\/wp\/v2\/types\/dog"}],"wp:attachment":[{"href":"https:\/\/schronisko-slupsk.pl\/index.php\/wp-json\/wp\/v2\/media?parent=2820"}],"wp:term":[{"taxonomy":"post_tag","embeddable":true,"href":"https:\/\/schronisko-slupsk.pl\/index.php\/wp-json\/wp\/v2\/tags?post=2820"}],"curies":[{"name":"wp","href":"https:\/\/api.w.org\/{rel}","templated":true}]}}